{"id":10124,"date":"2025-10-10T20:39:15","date_gmt":"2025-10-10T18:39:15","guid":{"rendered":"https:\/\/www.groupe-jja.com\/?post_type=home-beauty&#038;p=10124"},"modified":"2025-10-13T19:22:17","modified_gmt":"2025-10-13T17:22:17","slug":"el-jardin-se-ha-convertido-en-un-verdadero-espacio-de-vida-y-expresion","status":"publish","type":"home-beauty","link":"https:\/\/www.groupe-jja.com\/es\/home-beauty\/vivir-de-otra-manera\/el-jardin-se-ha-convertido-en-un-verdadero-espacio-de-vida-y-expresion\/","title":{"rendered":"\"El jard\u00edn se ha convertido en un verdadero espacio de vida y expresi\u00f3n\"."},"content":{"rendered":"<div data-elementor-type=\"wp-post\" data-elementor-id=\"10124\" class=\"elementor elementor-10124\">\n\t\t\t\t<div class=\"elementor-element elementor-element-bb52989 container-space container-space-left-right e-con-full container-style-centered-container container-margin-space  container-margin-space-bottom background-default e-flex e-con e-parent\" data-id=\"bb52989\" data-element_type=\"container\">\n\t\t\t\t<div class=\"elementor-element elementor-element-9d30aab elementor-widget__width-inherit elementor-widget elementor-widget-text-editor\" data-id=\"9d30aab\" data-element_type=\"widget\" data-widget_type=\"text-editor.default\">\n\t\t\t\t<div class=\"elementor-widget-container\">\n\t\t\t\t\t\t\t\t\t<p><i><span style=\"font-weight: 400;\">Jard\u00edn rom\u00e1ntico, jungla ex\u00f3tica o espacio familiar: \u00bfc\u00f3mo transformar su espacio exterior en un lugar que refleje su personalidad? El experto en paisajismo Pierre Nessmann revela las claves para crear su jard\u00edn ideal, combinando estilo personal, gesti\u00f3n de las limitaciones y placer cotidiano.<\/span><\/i><\/p>\t\t\t\t\t\t\t\t<\/div>\n\t\t\t\t<\/div>\n\t\t\t\t<\/div>\n\t\t<div class=\"elementor-element elementor-element-f8d7f2f container-style-centered-container container-space container-space-no-space e-con-full background-default e-flex e-con e-parent\" data-id=\"f8d7f2f\" data-element_type=\"container\">\n\t\t\t\t<div class=\"elementor-element elementor-element-10fc703 elementor-widget elementor-widget-image\" data-id=\"10fc703\" data-element_type=\"widget\" data-widget_type=\"image.default\">\n\t\t\t\t<div class=\"elementor-widget-container\">\n\t\t\t\t\t\t\t\t\t\t\t\t\t\t\t<img fetchpriority=\"high\" decoding=\"async\" width=\"1000\" height=\"800\" src=\"https:\/\/www.groupe-jja.com\/wp-content\/uploads\/2025\/10\/hesperide_jardin_pierre-1000x800.jpg\" class=\"attachment-large size-large wp-image-10132\" alt=\"\" \/>\t\t\t\t\t\t\t\t\t\t\t\t\t\t\t<\/div>\n\t\t\t\t<\/div>\n\t\t\t\t<div class=\"elementor-element elementor-element-1f826e1 elementor-widget elementor-widget-text-editor\" data-id=\"1f826e1\" data-element_type=\"widget\" data-widget_type=\"text-editor.default\">\n\t\t\t\t<div class=\"elementor-widget-container\">\n\t\t\t\t\t\t\t\t\t<p class=\"chapo\"><b>En Francia, alrededor del 75 % de los hogares tienen jard\u00edn. \u00bfC\u00f3mo ve la relaci\u00f3n de los franceses con el aire libre?<\/b><\/p><p><span style=\"font-weight: 400;\">Ya tengan un jard\u00edn peque\u00f1o o grande, una terraza o un balc\u00f3n, la relaci\u00f3n de los franceses con el exterior es cada vez m\u00e1s esencial. Han integrado realmente el aire libre en su modo de vida, y est\u00e1n deseosos de aprovechar al m\u00e1ximo el espacio que tienen a su disposici\u00f3n: para relajarse, para tomar el aire estando en casa, pero tambi\u00e9n para cultivar flores, hierbas o arbustos. Este inter\u00e9s viene creciendo desde principios de la d\u00e9cada de 2000, y recibi\u00f3 un nuevo impulso durante Covid. Esto se refleja en la demanda de mobiliario de jard\u00edn: cocinas de exterior, barbacoas, muebles de jard\u00edn, etc. Hay una verdadera moda por los objetos que permiten vivir, descansar o comer al aire libre.\u00a0\u00a0<\/span><\/p><p>\u00a0<\/p>\t\t\t\t\t\t\t\t<\/div>\n\t\t\t\t<\/div>\n\t\t\t\t<\/div>\n\t\t<div class=\"elementor-element elementor-element-f5b9865 container-style-centered-container e-con-full container-space container-space-default background-default e-flex e-con e-parent\" data-id=\"f5b9865\" data-element_type=\"container\">\n\t\t\t\t<div class=\"elementor-element elementor-element-df3ddc4 elementor-widget elementor-widget-text-editor\" data-id=\"df3ddc4\" data-element_type=\"widget\" data-widget_type=\"text-editor.default\">\n\t\t\t\t<div class=\"elementor-widget-container\">\n\t\t\t\t\t\t\t\t\t<p class=\"chapo\"><b>\u00bfExisten jardines arquet\u00edpicos? <\/b><\/p><p><span style=\"font-weight: 400;\">Siempre ha habido diferentes estilos de jard\u00edn. En los a\u00f1os 80, los jardines segu\u00edan el estilo franc\u00e9s. Eran muy estructurados y organizados, con elementos recortados, caminos bien definidos y setos rectos... Desde principios de los a\u00f1os 2000, este modelo ha evolucionado hacia un estilo m\u00e1s ingl\u00e9s, con un poco m\u00e1s de fantas\u00eda. Las inspiraciones cottage, las flores m\u00e1s silvestres: todos estos elementos ofrecen un aspecto m\u00e1s natural y acogedor para la biodiversidad. Tambi\u00e9n hemos asistido a la aparici\u00f3n del estilo ex\u00f3tico: el jard\u00edn es una forma de evadirse y, para algunos, de volver a un ambiente de vacaciones. Plantas ex\u00f3ticas y mediterr\u00e1neas, ambiente selv\u00e1tico o des\u00e9rtico con palmeras y cactus... Estos \u00faltimos estilos tambi\u00e9n reflejan cambios en nuestra forma de jardinear: lo hacemos de un modo m\u00e1s libre y menos acad\u00e9mico.<\/span><\/p>\t\t\t\t\t\t\t\t<\/div>\n\t\t\t\t<\/div>\n\t\t\t\t<\/div>\n\t\t<div class=\"elementor-element elementor-element-fed58e6 container-style-centered-container container-space container-space-no-space e-con-full background-default e-flex e-con e-parent\" data-id=\"fed58e6\" data-element_type=\"container\">\n\t\t\t\t<div class=\"elementor-element elementor-element-be90b47 elementor-widget elementor-widget-quote-widget\" data-id=\"be90b47\" data-element_type=\"widget\" data-widget_type=\"quote-widget.default\">\n\t\t\t\t<div class=\"elementor-widget-container\">\n\t\t\t\t\t<div class=\"container-fluid quote-widget-container\">\n\t<div class=\"row\">\n\t\t<div class=\"col\">\n\t\t\t<div class=\"quote-block\">\n\t\t\t\t\t\t\t\t<div class=\"quote-block quote-svg-start\">\n\t\t\t\t\t<svg width=\"25\" height=\"19\" viewbox=\"0 0 25 19\" fill=\"none\" xmlns=\"http:\/\/www.w3.org\/2000\/svg\">\n\t<path d=\"M0.852983 19V13.6307C0.852983 12.1061 1.15128 10.5483 1.74787 8.95738C2.34446 7.36648 3.13163 5.86671 4.10938 4.4581C5.08712 3.04948 6.14773 1.87287 7.29119 0.928266L11.9645 3.6875C11.0365 5.14583 10.2741 6.67045 9.67756 8.26136C9.09754 9.85227 8.80753 11.6255 8.80753 13.581V19H0.852983ZM13.4062 19V13.6307C13.4062 12.1061 13.7045 10.5483 14.3011 8.95738C14.8977 7.36648 15.6849 5.86671 16.6626 4.4581C17.6404 3.04948 18.701 1.87287 19.8445 0.928266L24.5178 3.6875C23.5897 5.14583 22.8274 6.67045 22.2308 8.26136C21.6508 9.85227 21.3608 11.6255 21.3608 13.581V19H13.4062Z\" fill=\"#2D51CC\"\/>\n<\/svg>\n\t\t\t\t<\/div>\n\t\t\t\t<blockquote class=\"position-relative default\">\n\t\t\t\t\tEl cambio clim\u00e1tico es una de las grandes tendencias que est\u00e1n cambiando nuestra relaci\u00f3n con el jard\u00edn, pero tambi\u00e9n las soluciones que podemos construir en torno a \u00e9l.\t\t\t\t\t<span class=\"quote-svg-end\">\n                        <svg width=\"25\" height=\"19\" viewbox=\"0 0 25 19\" fill=\"none\" xmlns=\"http:\/\/www.w3.org\/2000\/svg\">\n\t<path d=\"M12.1001 0.0909076V5.46023C12.1001 6.98485 11.8018 8.54261 11.2053 10.1335C10.6252 11.7079 9.84635 13.1993 8.86861 14.608C7.89086 16 6.82197 17.1849 5.66193 18.1626L0.988636 15.4034C1.81723 14.0942 2.5464 12.6442 3.17614 11.0533C3.82244 9.46236 4.1456 7.61458 4.1456 5.50994V0.0909076H12.1001ZM24.6037 0.0909076V5.46023C24.6037 6.98485 24.3054 8.54261 23.7088 10.1335C23.1288 11.7079 22.3499 13.1993 21.3722 14.608C20.3944 16 19.3172 17.1849 18.1406 18.1626L13.4673 15.4034C14.3125 14.0942 15.05 12.6442 15.6797 11.0533C16.326 9.46236 16.6491 7.61458 16.6491 5.50994V0.0909076H24.6037Z\" fill=\"#2D51CC\"\/>\n<\/svg>\n                    <\/span>\n\t\t\t\t<\/blockquote>\n\t\t\t\t\t\t\t<\/div>\n\t\t\t<div class=\"quote-author\">\n\t\t\t\t\t\t\t\t<div class=\"author-info-wrapper\">\n\t\t\t\t\t<div class=\"fw-bold author-name\">Pierre Nessman<\/div>\n\t\t\t\t\t<div class=\"text-uppercase author-role\">paisajista y redactor jefe adjunto de Rustica<\/div>\n\t\t\t\t<\/div>\n\t\t\t<\/div>\n\t\t<\/div>\n\t\t\t<\/div>\n<\/div>\n\t\t\t\t<\/div>\n\t\t\t\t<\/div>\n\t\t\t\t<\/div>\n\t\t<div class=\"elementor-element elementor-element-9868a4e container-style-centered-container container-space container-space-bottom e-con-full background-default e-flex e-con e-parent\" data-id=\"9868a4e\" data-element_type=\"container\">\n\t\t\t\t<div class=\"elementor-element elementor-element-5a27875 elementor-widget elementor-widget-text-editor\" data-id=\"5a27875\" data-element_type=\"widget\" data-widget_type=\"text-editor.default\">\n\t\t\t\t<div class=\"elementor-widget-container\">\n\t\t\t\t\t\t\t\t\t<p>\u00a0<\/p><p class=\"chapo\"><b>El jard\u00edn es cada vez m\u00e1s una prolongaci\u00f3n de la casa. \u00bfC\u00f3mo crear un jard\u00edn que refleje su imagen? <\/b><\/p><p><span style=\"font-weight: 400;\">El jard\u00edn es un espacio que no debe llenarse, sino arreglarse y organizarse. Es un espacio donde hay usuarios: adultos que se entretienen con la familia o se relajan, o ni\u00f1os peque\u00f1os que juegan, por ejemplo. Hay que tomarse el tiempo necesario para observar el jard\u00edn: la exposici\u00f3n, el tipo de suelo, el entorno, y pensar en la disposici\u00f3n que se desea. \u00bfQuiere un espacio para comer y cocinar, para que jueguen los ni\u00f1os, o prefiere crear una jungla en la que prime la vegetaci\u00f3n? Luego est\u00e1 la cuesti\u00f3n del estilo: \u00bfrom\u00e1ntico, ex\u00f3tico, muy estructurado? De ello depender\u00e1 la elecci\u00f3n de los materiales para el suelo, las vallas y el mobiliario. Por ejemplo, nos inclinaremos por la madera para un aspecto r\u00fastico, o por el hierro forjado para un jard\u00edn m\u00e1s cl\u00e1sico. Luego est\u00e1 la elecci\u00f3n de las plantas, tambi\u00e9n en funci\u00f3n de las afinidades personales, pero tambi\u00e9n del tiempo de que dispongas para cuidar el jard\u00edn. Y por \u00faltimo, los elementos decorativos: luces, bancos, mesas y sillas... A menudo es lo primero que se compra, \u00a1cuando lo ideal ser\u00eda que fuera lo \u00faltimo!\u00a0\u00a0<\/span><\/p>\t\t\t\t\t\t\t\t<\/div>\n\t\t\t\t<\/div>\n\t\t\t\t<\/div>\n\t\t<div class=\"elementor-element elementor-element-6e8dc64 container-style-centered-container container-space container-space-bottom e-con-full background-default e-flex e-con e-parent\" data-id=\"6e8dc64\" data-element_type=\"container\">\n\t\t\t\t<div class=\"elementor-element elementor-element-0870a10 elementor-widget elementor-widget-text-editor\" data-id=\"0870a10\" data-element_type=\"widget\" data-widget_type=\"text-editor.default\">\n\t\t\t\t<div class=\"elementor-widget-container\">\n\t\t\t\t\t\t\t\t\t<p class=\"chapo\"><b>\u00bfHay errores comunes que deba evitar al transformar su jard\u00edn en un aut\u00e9ntico espacio vital?<\/b><\/p><p><span style=\"font-weight: 400;\">El mayor error, y el m\u00e1s com\u00fan, es pensar demasiado en grande. Plantar muchas plantas es caro y mantenerlas lleva mucho tiempo. Es mejor a\u00f1adir unos cuantos metros cuadrados m\u00e1s cada a\u00f1o. Esto significa tener una buena visi\u00f3n global del proyecto de jard\u00edn desde el principio, pero ir construy\u00e9ndolo poco a poco. Otro error com\u00fan es descuidar la estacionalidad y el clima. Si no vas al jard\u00edn porque est\u00e1 lloviendo, o si sigues posponiendo el mantenimiento, habr\u00e1 consecuencias para el jard\u00edn. Por ejemplo, un arbusto podado demasiado tarde puede no florecer. As\u00ed que hay que ser consciente de lo que se est\u00e1 o no preparado para hacer en el jard\u00edn, y adaptar los planes en consecuencia. Por \u00faltimo, el error m\u00e1s com\u00fan es invertir en productos de mala calidad, ya sean los materiales de nuestros muebles, expuestos a la intemperie, la calidad de las herramientas de jardiner\u00eda o las propias plantas.<\/span><\/p><p class=\"chapo\"><b>\u00bfCu\u00e1les cree que ser\u00e1n las principales tendencias en jardines como espacios vitales en los pr\u00f3ximos a\u00f1os?<\/b><\/p><p><span style=\"font-weight: 400;\">El cambio clim\u00e1tico es una de las grandes tendencias que est\u00e1n modificando nuestra relaci\u00f3n con el jard\u00edn, pero tambi\u00e9n las soluciones que podemos aportar. Tenemos que pensar de otra manera, introduciendo especies m\u00e1s resistentes al calor y estimando nuestras necesidades de riego en un momento en que cada vez estamos m\u00e1s limitados en el uso del agua. Desde un punto de vista m\u00e1s positivo, tambi\u00e9n hay una tendencia hacia el arte de vivir en el jard\u00edn. Cada vez m\u00e1s, el aire libre se considera un lugar para vivir y expresarse. Y para darle vida, hay que apoderarse de \u00e9l, dedicarle tiempo, pero sobre todo crear un jard\u00edn que se adapte a nosotros y a nuestro estilo de vida, \u00a1para que sea un placer vivir en \u00e9l! <\/span><\/p>\t\t\t\t\t\t\t\t<\/div>\n\t\t\t\t<\/div>\n\t\t\t\t<div class=\"elementor-element elementor-element-e4f7093 elementor-widget elementor-widget-image\" data-id=\"e4f7093\" data-element_type=\"widget\" data-widget_type=\"image.default\">\n\t\t\t\t<div class=\"elementor-widget-container\">\n\t\t\t\t\t\t\t\t\t\t\t\t\t\t\t<img decoding=\"async\" width=\"933\" height=\"863\" src=\"https:\/\/www.groupe-jja.com\/wp-content\/uploads\/2025\/09\/pergolajardin-933x863.png\" class=\"attachment-medium size-medium wp-image-5601\" alt=\"\" srcset=\"https:\/\/www.groupe-jja.com\/wp-content\/uploads\/2025\/09\/pergolajardin-933x863.png 933w, https:\/\/www.groupe-jja.com\/wp-content\/uploads\/2025\/09\/pergolajardin-459x425.png 459w, https:\/\/www.groupe-jja.com\/wp-content\/uploads\/2025\/09\/pergolajardin-14x12.png 14w\" sizes=\"(max-width: 933px) 100vw, 933px\" \/>\t\t\t\t\t\t\t\t\t\t\t\t\t\t\t<\/div>\n\t\t\t\t<\/div>\n\t\t\t\t<\/div>\n\t\t\t\t<\/div>","protected":false},"excerpt":{"rendered":"<p>Entrevista con Pierre Nessmann, paisajista y redactor jefe adjunto de Rustica.<\/p>\n<p>(Foto: Rustica-Fr\u00e9d\u00e9ric Marre)<\/p>","protected":false},"featured_media":10232,"template":"","format":"standard","meta":{"_acf_changed":false},"home-beauty-category":[12,41,19],"class_list":["post-10124","home-beauty","type-home-beauty","status-publish","format-standard","has-post-thumbnail","hentry","home-beauty-category-habiter-autrement","home-beauty-category-mode-de-vie","home-beauty-category-people"],"acf":[],"_links":{"self":[{"href":"https:\/\/www.groupe-jja.com\/es\/wp-json\/wp\/v2\/home-beauty\/10124","targetHints":{"allow":["GET"]}}],"collection":[{"href":"https:\/\/www.groupe-jja.com\/es\/wp-json\/wp\/v2\/home-beauty"}],"about":[{"href":"https:\/\/www.groupe-jja.com\/es\/wp-json\/wp\/v2\/types\/home-beauty"}],"version-history":[{"count":25,"href":"https:\/\/www.groupe-jja.com\/es\/wp-json\/wp\/v2\/home-beauty\/10124\/revisions"}],"predecessor-version":[{"id":11260,"href":"https:\/\/www.groupe-jja.com\/es\/wp-json\/wp\/v2\/home-beauty\/10124\/revisions\/11260"}],"wp:featuredmedia":[{"embeddable":true,"href":"https:\/\/www.groupe-jja.com\/es\/wp-json\/wp\/v2\/media\/10232"}],"wp:attachment":[{"href":"https:\/\/www.groupe-jja.com\/es\/wp-json\/wp\/v2\/media?parent=10124"}],"wp:term":[{"taxonomy":"home-beauty-category","embeddable":true,"href":"https:\/\/www.groupe-jja.com\/es\/wp-json\/wp\/v2\/home-beauty-category?post=10124"}],"curies":[{"name":"wp","href":"https:\/\/api.w.org\/{rel}","templated":true}]}}